{"id":2582,"date":"2019-08-11T20:30:39","date_gmt":"2019-08-11T18:30:39","guid":{"rendered":"http:\/\/www.jugend-im-berggebiet.ch\/?page_id=2582"},"modified":"2019-08-21T09:29:23","modified_gmt":"2019-08-21T07:29:23","slug":"heremence","status":"publish","type":"page","link":"https:\/\/www.jugend-im-berggebiet.ch\/fr\/un-label-pour-les-communes__trashed\/heremence\/","title":{"rendered":"H\u00e9r\u00e9mence (VS)"},"content":{"rendered":"<p>La commune d&rsquo;H\u00e9r\u00e9mence s&rsquo;est fortement engag\u00e9e aupr\u00e8s des jeunes et des familles dans diff\u00e9rents domaines et tente de percevoir et de r\u00e9po<\/p>\n<div style=\"width: 366px\" class=\"wp-caption alignright\"><img loading=\"lazy\" decoding=\"async\" class=\"\" src=\"https:\/\/www.jugend-im-berggebiet.ch\/wp-content\/uploads\/2019\/08\/Cr%C3%A8che-vue-g%C3%A9n%C3%A9rale-768x512.jpeg\" width=\"356\" height=\"238\"><p class=\"wp-caption-text\">Cr\u00e8che de H\u00e9r\u00e9mence<\/p><\/div>\n<p>ndre aux besoins de la population jeune. L&rsquo;offre de services de garde d&rsquo;enfants est l&rsquo;une des grandes r\u00e9alisations de l&rsquo;\u00e9poque r\u00e9cente.&nbsp;<\/p>\n<ul>\n<li><strong>Garde d\u2019enfants&nbsp;: <\/strong>La Commune a ouvert une cr\u00e8che municipale fin janvier 2019 et offre 16 places de 4 mois \u00e0 4 ans.<\/li>\n<li><strong>Loisirs&nbsp;: <\/strong>Nouvelle place de jeux dans un village de la Commune&nbsp;; stages \u00ab&nbsp;arts du cirque&nbsp;\u00bb en juillet&nbsp;; nouveau lieu de rencontres pour la soci\u00e9t\u00e9 H\u00e9r\u00e9mence Jeunesse, projet de dynamiser pour nos jeunes notre jumelage avec la ville d\u2019Esperanza en Argentine, projet de construction d\u2019un mur d\u2019escalade (bloc) \u00e0 la salle de gymnastique, projet de place de jeux ext\u00e9rieure pour la cr\u00e8che<\/li>\n<li><strong>Echanges interg\u00e9n\u00e9rationnels&nbsp;: <\/strong>Int\u00e9gration d\u2019un membre de la soci\u00e9t\u00e9 H\u00e9r\u00e9mence Jeunesse et d\u2019une personne a\u00een\u00e9e dans la commission communale \u00ab&nbsp;Vie communautaire et sociale&nbsp;\u00bb pour cr\u00e9er des synergies entre les jeunes, les seniors et les autorit\u00e9s et r\u00e9aliser des actions souhait\u00e9es de part et d\u2019autre. En plus, certaines repr\u00e9sentations des films \u00ab&nbsp;Exploration du monde&nbsp;\u00bb se d\u00e9roulent en matin\u00e9e, pour la population et les \u00e9l\u00e8ves.<\/li>\n<li><strong>Situation de l\u2019emploi&nbsp;<\/strong>: La Commune deviendra un \u00e9tablissement formateur d\u2019apprentis en offrant des places d\u2019apprentissage etde stages \u00e0 la cr\u00e8che et \u00e0 l\u2019administration. Elle offre aussi de jobs d\u2019\u00e9t\u00e9 pour les jeunes\n<p><div style=\"width: 365px\" class=\"wp-caption alignright\"><img loading=\"lazy\" decoding=\"async\" class=\"\" src=\"https:\/\/www.jugend-im-berggebiet.ch\/wp-content\/uploads\/2019\/08\/Spielplatz-2.jpg\" alt=\"Nouvelle place de jeux dans un village de la Commune H\u00e9r\u00e9mence\" width=\"355\" height=\"266\"><p class=\"wp-caption-text\">Nouvelle place de jeux dans un village de la Commune H\u00e9r\u00e9mence<\/p><\/div><\/li>\n<li><strong>Situation du logement&nbsp;: <\/strong>Projet de partenariat public \/priv\u00e9 en vue de cr\u00e9er des appartements de 2-3 pi\u00e8ces \u00e0 loyer mod\u00e9r\u00e9 pour les jeunes et les a\u00een\u00e9s.<\/li>\n<\/ul>\n<p>&nbsp;<\/p>\n","protected":false},"excerpt":{"rendered":"<p>La commune d&rsquo;H\u00e9r\u00e9mence s&rsquo;est fortement engag\u00e9e aupr\u00e8s des jeunes et des familles dans diff\u00e9rents domaines et tente de percevoir et de r\u00e9po ndre aux besoins de la population jeune. L&rsquo;offre de services de garde d&rsquo;enfants est l&rsquo;une des grandes r\u00e9alisations de l&rsquo;\u00e9poque r\u00e9cente.&nbsp; Garde d\u2019enfants&nbsp;: La Commune a ouvert une cr\u00e8che municipale fin janvier 2019 [&hellip;]<\/p>\n","protected":false},"author":5,"featured_media":0,"parent":653,"menu_order":0,"comment_status":"closed","ping_status":"closed","template":"template-fullwidth.php","meta":{"footnotes":""},"class_list":["post-2582","page","type-page","status-publish","hentry"],"_links":{"self":[{"href":"https:\/\/www.jugend-im-berggebiet.ch\/fr\/wp-json\/wp\/v2\/pages\/2582","targetHints":{"allow":["GET"]}}],"collection":[{"href":"https:\/\/www.jugend-im-berggebiet.ch\/fr\/wp-json\/wp\/v2\/pages"}],"about":[{"href":"https:\/\/www.jugend-im-berggebiet.ch\/fr\/wp-json\/wp\/v2\/types\/page"}],"author":[{"embeddable":true,"href":"https:\/\/www.jugend-im-berggebiet.ch\/fr\/wp-json\/wp\/v2\/users\/5"}],"replies":[{"embeddable":true,"href":"https:\/\/www.jugend-im-berggebiet.ch\/fr\/wp-json\/wp\/v2\/comments?post=2582"}],"version-history":[{"count":5,"href":"https:\/\/www.jugend-im-berggebiet.ch\/fr\/wp-json\/wp\/v2\/pages\/2582\/revisions"}],"predecessor-version":[{"id":2695,"href":"https:\/\/www.jugend-im-berggebiet.ch\/fr\/wp-json\/wp\/v2\/pages\/2582\/revisions\/2695"}],"up":[{"embeddable":true,"href":"https:\/\/www.jugend-im-berggebiet.ch\/fr\/wp-json\/wp\/v2\/pages\/653"}],"wp:attachment":[{"href":"https:\/\/www.jugend-im-berggebiet.ch\/fr\/wp-json\/wp\/v2\/media?parent=2582"}],"curies":[{"name":"wp","href":"https:\/\/api.w.org\/{rel}","templated":true}]}}