{"id":3006,"date":"2020-08-25T14:17:40","date_gmt":"2020-08-25T12:17:40","guid":{"rendered":"https:\/\/www.jugend-im-berggebiet.ch\/?page_id=3006"},"modified":"2026-01-29T10:57:02","modified_gmt":"2026-01-29T09:57:02","slug":"evolene","status":"publish","type":"page","link":"https:\/\/www.jugend-im-berggebiet.ch\/fr\/un-label-pour-les-communes__trashed\/evolene\/","title":{"rendered":"Evol\u00e8ne (VS)"},"content":{"rendered":"\n<h2 class=\"wp-block-heading\">Principales caract\u00e9ristiques<\/h2>\n\n\n\n<div class=\"wp-block-columns is-layout-flex wp-container-core-columns-is-layout-9d6595d7 wp-block-columns-is-layout-flex\">\n<div class=\"wp-block-column is-layout-flow wp-block-column-is-layout-flow\" style=\"flex-basis:66.66%\">\n<ul class=\"wp-block-list\">\n<li>Canton : Valais<\/li>\n\n\n\n<li>R\u00e9gion : Valais central<\/li>\n\n\n\n<li>Habitants : 1&rsquo;669<\/li>\n\n\n\n<li>Langue officielle : Fran\u00e7ais<\/li>\n\n\n\n<li>Superficie en km<sup>2<\/sup> : 209.8<\/li>\n\n\n\n<li>Point le plus haut : 4&rsquo;357 m d\u2019altitude (Dent-Blanche)<\/li>\n\n\n\n<li>Point le plus bas : 1\u2019180 m d\u2019altitude (hameau de la Villette)<\/li>\n\n\n\n<li>Site web : <a href=\"https:\/\/www.commune-evolene.ch\/\">www.commune-evolene.ch<\/a><\/li>\n\n\n\n<li>Obtention du label : 2020<\/li>\n<\/ul>\n\n\n\n<hr class=\"wp-block-separator has-css-opacity is-style-dots\"\/>\n\n\n\n<h2 class=\"wp-block-heading\">R\u00e9ussites<\/h2>\n\n\n\n<p><strong>Education<\/strong> : Le centre scolaire d\u2019Evol\u00e8ne accueille une centaine d\u2019enfants. Datant des ann\u00e9es 1980, il a \u00e9t\u00e9 compl\u00e8tement r\u00e9nov\u00e9 r\u00e9cemment, les infrastructures et \u00e9quipements r\u00e9pondent aux exigences actuelles. Le site comprend toutes les commodit\u00e9s: place de jeux, salle de gym, biblioth\u00e8que-ludoth\u00e8que, UAPE sur place. Une cr\u00e8che-nurserie est \u00e0 disposition pour les enfants de 3 mois \u00e0 4 ans dans le village d\u2019Evol\u00e8ne.<\/p>\n\n\n\n<figure class=\"wp-block-gallery has-nested-images columns-default is-cropped wp-block-gallery-1 is-layout-flex wp-block-gallery-is-layout-flex\">\n<figure class=\"wp-block-image size-full\"><a href=\"https:\/\/www.jugend-im-berggebiet.ch\/wp-content\/uploads\/2025\/07\/Evolene-1.jpg\"><img loading=\"lazy\" decoding=\"async\" width=\"444\" height=\"292\" data-id=\"4500\" src=\"https:\/\/www.jugend-im-berggebiet.ch\/wp-content\/uploads\/2025\/07\/Evolene-1.jpg\" alt=\"\" class=\"wp-image-4500\" srcset=\"https:\/\/www.jugend-im-berggebiet.ch\/wp-content\/uploads\/2025\/07\/Evolene-1.jpg 444w, https:\/\/www.jugend-im-berggebiet.ch\/wp-content\/uploads\/2025\/07\/Evolene-1-300x197.jpg 300w\" sizes=\"auto, (max-width: 444px) 100vw, 444px\" \/><\/a><\/figure>\n\n\n\n<figure class=\"wp-block-image size-full\"><a href=\"https:\/\/www.jugend-im-berggebiet.ch\/wp-content\/uploads\/2025\/07\/Evolene-2.jpg\"><img loading=\"lazy\" decoding=\"async\" width=\"404\" height=\"303\" data-id=\"4499\" src=\"https:\/\/www.jugend-im-berggebiet.ch\/wp-content\/uploads\/2025\/07\/Evolene-2.jpg\" alt=\"\" class=\"wp-image-4499\" srcset=\"https:\/\/www.jugend-im-berggebiet.ch\/wp-content\/uploads\/2025\/07\/Evolene-2.jpg 404w, https:\/\/www.jugend-im-berggebiet.ch\/wp-content\/uploads\/2025\/07\/Evolene-2-300x225.jpg 300w\" sizes=\"auto, (max-width: 404px) 100vw, 404px\" \/><\/a><\/figure>\n\n\n\n<figure class=\"wp-block-image size-full\"><a href=\"https:\/\/www.jugend-im-berggebiet.ch\/wp-content\/uploads\/2025\/07\/Evolene-3.jpg\"><img loading=\"lazy\" decoding=\"async\" width=\"416\" height=\"298\" data-id=\"4501\" src=\"https:\/\/www.jugend-im-berggebiet.ch\/wp-content\/uploads\/2025\/07\/Evolene-3.jpg\" alt=\"\" class=\"wp-image-4501\" srcset=\"https:\/\/www.jugend-im-berggebiet.ch\/wp-content\/uploads\/2025\/07\/Evolene-3.jpg 416w, https:\/\/www.jugend-im-berggebiet.ch\/wp-content\/uploads\/2025\/07\/Evolene-3-300x215.jpg 300w\" sizes=\"auto, (max-width: 416px) 100vw, 416px\" \/><\/a><\/figure>\n<\/figure>\n\n\n\n<p><strong>Loisirs : <\/strong>La Commune compte 3 places de jeux, \u00e0 Evol\u00e8ne, aux Haud\u00e8res et \u00e0 la Sage. De nombreuses soci\u00e9t\u00e9s locales proposent une pluralit\u00e9 d\u2019activit\u00e9s: football, tennis, gym, musique, danse, ski, etc. La commune subventionne fortement les 3 domaines skiables ainsi que les abonnements de ski pour la jeunesse.<\/p>\n\n\n\n<p><strong>Coh\u00e9sion sociale<\/strong> : Gr\u00e2ce \u00e0 l\u2019attachement des Evol\u00e9nards pour leur patrimoine<strong> <\/strong>(patois, costume et carnaval notamment) et leur forte implication dans les soci\u00e9t\u00e9s locales, la jeunesse locale souhaite continuer \u00e0 vivre dans la commune d\u2019Evol\u00e8ne, malgr\u00e9 le faible nombre d\u2019emplois et les difficult\u00e9s croissantes li\u00e9es au logement. La qualit\u00e9 de vie est reconnue gr\u00e2ce aux services disponibles sur place (magasins, restaurants, m\u00e9decin, accueil de la petite enfance\u2026) et aux nombreuses manifestations qui font qu\u2019on ne s\u2019ennuie jamais \u00e0 Evol\u00e8ne.<\/p>\n\n\n\n<hr class=\"wp-block-separator has-css-opacity is-style-dots\"\/>\n\n\n\n<h2 class=\"wp-block-heading\">Projets en cours<\/h2>\n\n\n\n<p>La Commune d\u2019Evol\u00e8ne poursuit actuellement deux projets principaux&nbsp;:<\/p>\n\n\n\n<div class=\"wp-block-columns is-layout-flex wp-container-core-columns-is-layout-9d6595d7 wp-block-columns-is-layout-flex\">\n<div class=\"wp-block-column is-layout-flow wp-block-column-is-layout-flow\" style=\"flex-basis:66.66%\">\n<p>Un projet de construction de nouveaux locaux pour les <strong>structures d\u2019accueil de la petite enfance<\/strong>, ainsi que des espaces pour des <strong>cabinets m\u00e9dicaux et param\u00e9dicaux<\/strong>, a \u00e9t\u00e9 valid\u00e9 par la population en avril 2023 et la r\u00e9alisation devrait d\u00e9buter en 2024, pour une ouverture fin 2026.<\/p>\n<\/div>\n\n\n\n<div class=\"wp-block-column is-layout-flow wp-block-column-is-layout-flow\" style=\"flex-basis:33.33%\">\n<figure class=\"wp-block-image size-full\"><a href=\"https:\/\/www.jugend-im-berggebiet.ch\/wp-content\/uploads\/2026\/01\/Complexe-sante-Evolene.png\"><img loading=\"lazy\" decoding=\"async\" width=\"896\" height=\"374\" src=\"https:\/\/www.jugend-im-berggebiet.ch\/wp-content\/uploads\/2026\/01\/Complexe-sante-Evolene.png\" alt=\"\" class=\"wp-image-8772\" srcset=\"https:\/\/www.jugend-im-berggebiet.ch\/wp-content\/uploads\/2026\/01\/Complexe-sante-Evolene.png 896w, https:\/\/www.jugend-im-berggebiet.ch\/wp-content\/uploads\/2026\/01\/Complexe-sante-Evolene-300x125.png 300w, https:\/\/www.jugend-im-berggebiet.ch\/wp-content\/uploads\/2026\/01\/Complexe-sante-Evolene-768x321.png 768w\" sizes=\"auto, (max-width: 896px) 100vw, 896px\" \/><\/a><\/figure>\n<\/div>\n<\/div>\n\n\n\n<div class=\"wp-block-columns is-layout-flex wp-container-core-columns-is-layout-9d6595d7 wp-block-columns-is-layout-flex\">\n<div class=\"wp-block-column is-layout-flow wp-block-column-is-layout-flow\" style=\"flex-basis:66.66%\">\n<p>Un projet de construction est en cours de r\u00e9alisation \u00e0 c\u00f4t\u00e9 du terrain de football, afin de reconstruire les vestiaires du FC Evol\u00e8ne tout en agrandissant le b\u00e2timent pour en faire une \u00ab <strong>Maison des associations<\/strong> \u00bb qui profitera aussi \u00e0 la jeunesse locale et aux autres associations culturelles et sportives.<\/p>\n<\/div>\n\n\n\n<div class=\"wp-block-column is-layout-flow wp-block-column-is-layout-flow\" style=\"flex-basis:33.33%\">\n<figure class=\"wp-block-image size-full\"><a href=\"https:\/\/www.jugend-im-berggebiet.ch\/wp-content\/uploads\/2025\/07\/image-9.png\"><img loading=\"lazy\" decoding=\"async\" width=\"553\" height=\"204\" src=\"https:\/\/www.jugend-im-berggebiet.ch\/wp-content\/uploads\/2025\/07\/image-9.png\" alt=\"\" class=\"wp-image-4490\" srcset=\"https:\/\/www.jugend-im-berggebiet.ch\/wp-content\/uploads\/2025\/07\/image-9.png 553w, https:\/\/www.jugend-im-berggebiet.ch\/wp-content\/uploads\/2025\/07\/image-9-300x111.png 300w\" sizes=\"auto, (max-width: 553px) 100vw, 553px\" \/><\/a><\/figure>\n<\/div>\n<\/div>\n\n\n\n<hr class=\"wp-block-separator has-css-opacity is-style-dots\"\/>\n\n\n\n<h2 class=\"wp-block-heading\">Difficult\u00e9s<\/h2>\n\n\n\n<p>L\u2019<strong>offre de transports publics<\/strong> doit \u00eatre am\u00e9lior\u00e9e. Malgr\u00e9 l\u2019am\u00e9lioration des cadences sur les lignes CarPostal, l\u2019offre peut encore \u00eatre am\u00e9lior\u00e9e, notamment en soir\u00e9e, afin que les jeunes puissent vivre normalement dans les r\u00e9gions de montagne.<\/p>\n\n\n\n<p>Un <strong>manque de logements<\/strong> est toujours \u00e0 d\u00e9plorer d\u00fb \u00e0 la situation li\u00e9e \u00e0 la LAT et la Lex Weber. <\/p>\n\n\n\n<p>L\u2019enjeu du <strong>maintien des commerces<\/strong> (magasins, restaurants, h\u00f4tels) et de la rel\u00e8ve menace la vie villageoise et impacte la communaut\u00e9 toute enti\u00e8re. Comment attirer des nouveaux tenanciers dans des r\u00e9gions de montagne?<\/p>\n\n\n\n<hr class=\"wp-block-separator has-css-opacity is-style-dots\"\/>\n<\/div>\n\n\n\n<div class=\"wp-block-column is-layout-flow wp-block-column-is-layout-flow\" style=\"flex-basis:33.33%\">\n<figure class=\"wp-block-image size-full\"><a href=\"https:\/\/www.jugend-im-berggebiet.ch\/wp-content\/uploads\/2025\/07\/Evolene.png\"><img loading=\"lazy\" decoding=\"async\" width=\"610\" height=\"411\" src=\"https:\/\/www.jugend-im-berggebiet.ch\/wp-content\/uploads\/2025\/07\/Evolene.png\" alt=\"\" class=\"wp-image-4466\" srcset=\"https:\/\/www.jugend-im-berggebiet.ch\/wp-content\/uploads\/2025\/07\/Evolene.png 610w, https:\/\/www.jugend-im-berggebiet.ch\/wp-content\/uploads\/2025\/07\/Evolene-300x202.png 300w\" sizes=\"auto, (max-width: 610px) 100vw, 610px\" \/><\/a><\/figure>\n\n\n\n<p><\/p>\n\n\n\n<p><\/p>\n\n\n\n<p><\/p>\n\n\n\n<p><\/p>\n\n\n\n<p><\/p>\n\n\n\n<p><\/p>\n\n\n\n<p><\/p>\n\n\n\n<p><\/p>\n\n\n\n<p><\/p>\n\n\n\n<p><\/p>\n\n\n\n<p><\/p>\n\n\n\n<p><\/p>\n\n\n\n<p><\/p>\n\n\n\n<p><\/p>\n\n\n\n<p><\/p>\n\n\n\n<p><\/p>\n<\/div>\n<\/div>\n\n\n\n<h2 class=\"wp-block-heading\">Images<\/h2>\n\n\n\n<figure class=\"wp-block-gallery has-nested-images columns-default is-cropped wp-block-gallery-2 is-layout-flex wp-block-gallery-is-layout-flex\">\n<figure class=\"wp-block-image size-full\"><a href=\"https:\/\/www.jugend-im-berggebiet.ch\/wp-content\/uploads\/2025\/07\/image-1.png\"><img loading=\"lazy\" decoding=\"async\" width=\"327\" height=\"219\" data-id=\"4473\" src=\"https:\/\/www.jugend-im-berggebiet.ch\/wp-content\/uploads\/2025\/07\/image-1.png\" alt=\"\" class=\"wp-image-4473\" srcset=\"https:\/\/www.jugend-im-berggebiet.ch\/wp-content\/uploads\/2025\/07\/image-1.png 327w, https:\/\/www.jugend-im-berggebiet.ch\/wp-content\/uploads\/2025\/07\/image-1-300x201.png 300w\" sizes=\"auto, (max-width: 327px) 100vw, 327px\" \/><\/a><figcaption class=\"wp-element-caption\">Le village d&rsquo;Evol\u00e8ne<\/figcaption><\/figure>\n\n\n\n<figure class=\"wp-block-image size-full\"><a href=\"https:\/\/www.jugend-im-berggebiet.ch\/wp-content\/uploads\/2025\/07\/image-2.png\"><img loading=\"lazy\" decoding=\"async\" width=\"284\" height=\"213\" data-id=\"4475\" src=\"https:\/\/www.jugend-im-berggebiet.ch\/wp-content\/uploads\/2025\/07\/image-2.png\" alt=\"\" class=\"wp-image-4475\"\/><\/a><figcaption class=\"wp-element-caption\">Groupe d\u2019enfants du Groupe d\u2019art traditionnel l\u2019Arc-en-ciel d\u2019Evol\u00e8ne<\/figcaption><\/figure>\n\n\n\n<figure class=\"wp-block-image size-full\"><a href=\"https:\/\/www.jugend-im-berggebiet.ch\/wp-content\/uploads\/2025\/07\/image-3.png\"><img loading=\"lazy\" decoding=\"async\" width=\"293\" height=\"220\" data-id=\"4477\" src=\"https:\/\/www.jugend-im-berggebiet.ch\/wp-content\/uploads\/2025\/07\/image-3.png\" alt=\"\" class=\"wp-image-4477\"\/><\/a><figcaption class=\"wp-element-caption\">Place de jeu de la Sage<\/figcaption><\/figure>\n\n\n\n<figure class=\"wp-block-image size-full\"><a href=\"https:\/\/www.jugend-im-berggebiet.ch\/wp-content\/uploads\/2025\/07\/image-4.png\"><img loading=\"lazy\" decoding=\"async\" width=\"269\" height=\"202\" data-id=\"4478\" src=\"https:\/\/www.jugend-im-berggebiet.ch\/wp-content\/uploads\/2025\/07\/image-4.png\" alt=\"\" class=\"wp-image-4478\"\/><\/a><figcaption class=\"wp-element-caption\">Piste de ski de fond passant devant le centre scolaire d\u2019Evol\u00e8ne et sa cour de r\u00e9cr\u00e9ation<\/figcaption><\/figure>\n\n\n\n<figure class=\"wp-block-image size-full\"><a href=\"https:\/\/www.jugend-im-berggebiet.ch\/wp-content\/uploads\/2025\/07\/image-6.png\"><img loading=\"lazy\" decoding=\"async\" width=\"453\" height=\"254\" data-id=\"4480\" src=\"https:\/\/www.jugend-im-berggebiet.ch\/wp-content\/uploads\/2025\/07\/image-6.png\" alt=\"\" class=\"wp-image-4480\" srcset=\"https:\/\/www.jugend-im-berggebiet.ch\/wp-content\/uploads\/2025\/07\/image-6.png 453w, https:\/\/www.jugend-im-berggebiet.ch\/wp-content\/uploads\/2025\/07\/image-6-300x168.png 300w\" sizes=\"auto, (max-width: 453px) 100vw, 453px\" \/><\/a><figcaption class=\"wp-element-caption\">Festival CIME (C\u00e9l\u00e9brations interculturelles de la Montagne) \u00e0 Evol\u00e8ne<\/figcaption><\/figure>\n\n\n\n<figure class=\"wp-block-image size-full\"><a href=\"https:\/\/www.jugend-im-berggebiet.ch\/wp-content\/uploads\/2025\/07\/image-5.png\"><img loading=\"lazy\" decoding=\"async\" width=\"288\" height=\"216\" data-id=\"4479\" src=\"https:\/\/www.jugend-im-berggebiet.ch\/wp-content\/uploads\/2025\/07\/image-5.png\" alt=\"\" class=\"wp-image-4479\"\/><\/a><figcaption class=\"wp-element-caption\">Fanfare l\u2019Echo de la Dent-Blanche devant la Chapelle Saint-Christophe \u00e0 la Sage<\/figcaption><\/figure>\n\n\n\n<figure class=\"wp-block-image size-large\"><a href=\"https:\/\/www.jugend-im-berggebiet.ch\/wp-content\/uploads\/2025\/07\/Jeunesse-Evolenarde-2023.jpg\"><img loading=\"lazy\" decoding=\"async\" width=\"1024\" height=\"549\" data-id=\"4470\" src=\"https:\/\/www.jugend-im-berggebiet.ch\/wp-content\/uploads\/2025\/07\/Jeunesse-Evolenarde-2023-1024x549.jpg\" alt=\"\" class=\"wp-image-4470\" srcset=\"https:\/\/www.jugend-im-berggebiet.ch\/wp-content\/uploads\/2025\/07\/Jeunesse-Evolenarde-2023-1024x549.jpg 1024w, https:\/\/www.jugend-im-berggebiet.ch\/wp-content\/uploads\/2025\/07\/Jeunesse-Evolenarde-2023-300x161.jpg 300w, https:\/\/www.jugend-im-berggebiet.ch\/wp-content\/uploads\/2025\/07\/Jeunesse-Evolenarde-2023-768x412.jpg 768w, https:\/\/www.jugend-im-berggebiet.ch\/wp-content\/uploads\/2025\/07\/Jeunesse-Evolenarde-2023.jpg 1080w\" sizes=\"auto, (max-width: 1024px) 100vw, 1024px\" \/><\/a><figcaption class=\"wp-element-caption\">Association la Jeunesse Evol\u00e9narde en 2023<\/figcaption><\/figure>\n<\/figure>\n","protected":false},"excerpt":{"rendered":"<p>Principales caract\u00e9ristiques Canton : Valais R\u00e9gion : Valais central Habitants : 1&rsquo;669 Langue officielle : Fran\u00e7ais Superficie en km2 : 209.8 Point le plus haut : 4&rsquo;357 m d\u2019altitude (Dent-Blanche) Point le plus bas : 1\u2019180 m d\u2019altitude (hameau de la Villette) Site web : www.commune-evolene.ch Obtention du label : 2020 R\u00e9ussites Education : Le [&hellip;]<\/p>\n","protected":false},"author":5,"featured_media":0,"parent":653,"menu_order":0,"comment_status":"closed","ping_status":"closed","template":"template-fullwidth.php","meta":{"footnotes":""},"class_list":["post-3006","page","type-page","status-publish","hentry"],"_links":{"self":[{"href":"https:\/\/www.jugend-im-berggebiet.ch\/fr\/wp-json\/wp\/v2\/pages\/3006","targetHints":{"allow":["GET"]}}],"collection":[{"href":"https:\/\/www.jugend-im-berggebiet.ch\/fr\/wp-json\/wp\/v2\/pages"}],"about":[{"href":"https:\/\/www.jugend-im-berggebiet.ch\/fr\/wp-json\/wp\/v2\/types\/page"}],"author":[{"embeddable":true,"href":"https:\/\/www.jugend-im-berggebiet.ch\/fr\/wp-json\/wp\/v2\/users\/5"}],"replies":[{"embeddable":true,"href":"https:\/\/www.jugend-im-berggebiet.ch\/fr\/wp-json\/wp\/v2\/comments?post=3006"}],"version-history":[{"count":5,"href":"https:\/\/www.jugend-im-berggebiet.ch\/fr\/wp-json\/wp\/v2\/pages\/3006\/revisions"}],"predecessor-version":[{"id":8776,"href":"https:\/\/www.jugend-im-berggebiet.ch\/fr\/wp-json\/wp\/v2\/pages\/3006\/revisions\/8776"}],"up":[{"embeddable":true,"href":"https:\/\/www.jugend-im-berggebiet.ch\/fr\/wp-json\/wp\/v2\/pages\/653"}],"wp:attachment":[{"href":"https:\/\/www.jugend-im-berggebiet.ch\/fr\/wp-json\/wp\/v2\/media?parent=3006"}],"curies":[{"name":"wp","href":"https:\/\/api.w.org\/{rel}","templated":true}]}}